{"version":"1.0","provider_name":"PE Not\u00edcias","provider_url":"https:\/\/penoticias.com.br\/blog","author_name":"Pedro Ara\u00fajo","author_url":"https:\/\/penoticias.com.br\/blog\/author\/pedro\/","title":"Onda de investiga\u00e7\u00f5es amea\u00e7a favoritismo de Lula - PE Not\u00edcias","type":"rich","width":600,"height":338,"html":"<blockquote class=\"wp-embedded-content\" data-secret=\"gyA56buzgO\"><a href=\"https:\/\/penoticias.com.br\/blog\/onda-de-investigacoes-ameaca-favoritismo-de-lula\/\">Onda de investiga\u00e7\u00f5es amea\u00e7a favoritismo de Lula<\/a><\/blockquote><iframe sandbox=\"allow-scripts\" security=\"restricted\" src=\"https:\/\/penoticias.com.br\/blog\/onda-de-investigacoes-ameaca-favoritismo-de-lula\/embed\/#?secret=gyA56buzgO\" width=\"600\" height=\"338\" title=\"&#8220;Onda de investiga\u00e7\u00f5es amea\u00e7a favoritismo de Lula&#8221; &#8212; PE Not\u00edcias\" data-secret=\"gyA56buzgO\" frameborder=\"0\" marginwidth=\"0\" marginheight=\"0\" scrolling=\"no\" class=\"wp-embedded-content\"><\/iframe><script>\n\/*! This file is auto-generated *\/\n!function(d,l){\"use strict\";l.querySelector&&d.addEventListener&&\"undefined\"!=typeof URL&&(d.wp=d.wp||{},d.wp.receiveEmbedMessage||(d.wp.receiveEmbedMessage=function(e){var t=e.data;if((t||t.secret||t.message||t.value)&&!\/[^a-zA-Z0-9]\/.test(t.secret)){for(var s,r,n,a=l.querySelectorAll('iframe[data-secret=\"'+t.secret+'\"]'),o=l.querySelectorAll('blockquote[data-secret=\"'+t.secret+'\"]'),c=new RegExp(\"^https?:$\",\"i\"),i=0;i<o.length;i++)o[i].style.display=\"none\";for(i=0;i<a.length;i++)s=a[i],e.source===s.contentWindow&&(s.removeAttribute(\"style\"),\"height\"===t.message?(1e3<(r=parseInt(t.value,10))?r=1e3:~~r<200&&(r=200),s.height=r):\"link\"===t.message&&(r=new URL(s.getAttribute(\"src\")),n=new URL(t.value),c.test(n.protocol))&&n.host===r.host&&l.activeElement===s&&(d.top.location.href=t.value))}},d.addEventListener(\"message\",d.wp.receiveEmbedMessage,!1),l.addEventListener(\"DOMContentLoaded\",function(){for(var e,t,s=l.querySelectorAll(\"iframe.wp-embedded-content\"),r=0;r<s.length;r++)(t=(e=s[r]).getAttribute(\"data-secret\"))||(t=Math.random().toString(36).substring(2,12),e.src+=\"#?secret=\"+t,e.setAttribute(\"data-secret\",t)),e.contentWindow.postMessage({message:\"ready\",secret:t},\"*\")},!1)))}(window,document);\n\/\/# sourceURL=https:\/\/penoticias.com.br\/blog\/wp-includes\/js\/wp-embed.min.js\n<\/script>\n","description":"Estad\u00e3o Em ano eleitoral, mar\u00e7o \u00e9 um per\u00edodo de intensa atividade pol\u00edtica. \u00c9 o \u00faltimo m\u00eas para trocas partid\u00e1rias e para que futuros candidatos renunciem aos seus cargos no governo. Muitas alian\u00e7as ser\u00e3o seladas nas pr\u00f3ximas quatro semanas. Por\u00e9m, nos \u00faltimos dias, as not\u00edcias mais importantes dos cadernos de pol\u00edtica foram a quebra do sigilo ... Ler mais","thumbnail_url":"https:\/\/www.estadao.com.br\/resizer\/v2\/F2AZGFPLAFC3FG4PHOFLELRNWA.JPG?quality=80&amp;auth=800a266e384330d6f409e89eaa116606119f46a2e072c5eecd84f2e22fe37195&amp;width=347&amp;height=195&amp;smart=true"}