{"version":"1.0","provider_name":"PE Not\u00edcias","provider_url":"https:\/\/penoticias.com.br\/blog","author_name":"Pedro Ara\u00fajo","author_url":"https:\/\/penoticias.com.br\/blog\/author\/pedro\/","title":"SEXTOU PO\u00c9TICO \u2013 Terra M\u00e3e \u2013 Z\u00e9 Luiz - PE Not\u00edcias","type":"rich","width":600,"height":338,"html":"<blockquote class=\"wp-embedded-content\" data-secret=\"fPbG4wp0u7\"><a href=\"https:\/\/penoticias.com.br\/blog\/sextou-poetico-terra-mae-ze-luiz\/\">SEXTOU PO\u00c9TICO \u2013  Terra M\u00e3e \u2013 Z\u00e9 Luiz<\/a><\/blockquote><iframe sandbox=\"allow-scripts\" security=\"restricted\" src=\"https:\/\/penoticias.com.br\/blog\/sextou-poetico-terra-mae-ze-luiz\/embed\/#?secret=fPbG4wp0u7\" width=\"600\" height=\"338\" title=\"&#8220;SEXTOU PO\u00c9TICO \u2013  Terra M\u00e3e \u2013 Z\u00e9 Luiz&#8221; &#8212; PE Not\u00edcias\" data-secret=\"fPbG4wp0u7\" frameborder=\"0\" marginwidth=\"0\" marginheight=\"0\" scrolling=\"no\" class=\"wp-embedded-content\"><\/iframe><script>\n\/*! This file is auto-generated *\/\n!function(d,l){\"use strict\";l.querySelector&&d.addEventListener&&\"undefined\"!=typeof URL&&(d.wp=d.wp||{},d.wp.receiveEmbedMessage||(d.wp.receiveEmbedMessage=function(e){var t=e.data;if((t||t.secret||t.message||t.value)&&!\/[^a-zA-Z0-9]\/.test(t.secret)){for(var s,r,n,a=l.querySelectorAll('iframe[data-secret=\"'+t.secret+'\"]'),o=l.querySelectorAll('blockquote[data-secret=\"'+t.secret+'\"]'),c=new RegExp(\"^https?:$\",\"i\"),i=0;i<o.length;i++)o[i].style.display=\"none\";for(i=0;i<a.length;i++)s=a[i],e.source===s.contentWindow&&(s.removeAttribute(\"style\"),\"height\"===t.message?(1e3<(r=parseInt(t.value,10))?r=1e3:~~r<200&&(r=200),s.height=r):\"link\"===t.message&&(r=new URL(s.getAttribute(\"src\")),n=new URL(t.value),c.test(n.protocol))&&n.host===r.host&&l.activeElement===s&&(d.top.location.href=t.value))}},d.addEventListener(\"message\",d.wp.receiveEmbedMessage,!1),l.addEventListener(\"DOMContentLoaded\",function(){for(var e,t,s=l.querySelectorAll(\"iframe.wp-embedded-content\"),r=0;r<s.length;r++)(t=(e=s[r]).getAttribute(\"data-secret\"))||(t=Math.random().toString(36).substring(2,12),e.src+=\"#?secret=\"+t,e.setAttribute(\"data-secret\",t)),e.contentWindow.postMessage({message:\"ready\",secret:t},\"*\")},!1)))}(window,document);\n\/\/# sourceURL=https:\/\/penoticias.com.br\/blog\/wp-includes\/js\/wp-embed.min.js\n<\/script>\n","description":"Por Ademar Rafael Ferreira (Papa) Ade Maleu Lapa-el \u2013\u00a0 Nosso olhar hoje \u00e9 em dire\u00e7\u00e3o ao poeta Z\u00e9 Luiz. Papa \u2013 Jos\u00e9 Luiz Carlos de Lima (Z\u00e9 Luiz), nasceu em Santo Ant\u00f4nio (RN), na metade da d\u00e9cada de 1960 para ser um dos maiores nomes da poesia. Advogado brilhante e detentor de senso cr\u00edtico de ... Ler mais","thumbnail_url":"https:\/\/penoticias.com.br\/blog\/wp-content\/uploads\/2026\/01\/Ademar-Rafael.jpg","thumbnail_width":1407,"thumbnail_height":1045}